{"id":892,"date":"2023-04-16T12:00:00","date_gmt":"2023-04-16T10:00:00","guid":{"rendered":"https:\/\/www.revolucionpermanente.com\/francais\/?page_id=892"},"modified":"2023-07-31T20:28:41","modified_gmt":"2023-07-31T18:28:41","slug":"invitation-a-une-rencontre-des-forces-internationalistes","status":"publish","type":"page","link":"https:\/\/www.revolucionpermanente.com\/francais\/invitation-a-une-rencontre-des-forces-internationalistes\/","title":{"rendered":"Invitation \u00e0 une rencontre des forces internationalistes"},"content":{"rendered":"\n<div id='corps_texte'>\nChers camarades,<br><br>\n\nL\u2019\u00ab<em>\u00a0Appel \u00e0 une rencontre entre les forces internationalistes\u00a0<\/em>\u00bb, lanc\u00e9 le 22 janvier, a suscit\u00e9, ces derniers mois, de l\u2019int\u00e9r\u00eat parmi les organisations qui se relient aux traditions internationalistes du mouvement ouvrier.<br><br>\n\nNous sommes donc en mesure de convoquer cette rencontre, sur ce th\u00e8me\u00a0:<br><br>\n\n<center><b>\u00ab<em>\u00a0La crise de l\u2019ordre imp\u00e9rialiste mondial et la r\u00e9ponse du prol\u00e9tariat\u00a0<\/em>\u00bb<\/b><\/center>\n\nqui se tiendra \n\n<center><b>samedi 15 et dimanche 16 juillet<\/b><\/center>\n\n<center><b>\u00e0 Milan<\/b><\/center>\n\nComme nous l\u2019avons indiqu\u00e9 pr\u00e9c\u00e9demment, nous demandons aux organisations participantes d\u2019envoyer au secr\u00e9tariat (internationalistpromcomm@gmail.com), avant le 31 mai, un texte d\u2019environ 10\u00a0000 caract\u00e8res (espaces compris) contenant leurs \u00e9valuations sur le th\u00e8me de la rencontre. Nous invitons les organisations \u00e0 envoyer ce texte traduit aussi en anglais, afin d\u2019en restituer le sens de la mani\u00e8re qu\u2019elles jugent la plus appropri\u00e9e. Il est entendu que les textes re\u00e7us uniquement dans la langue originale seront traduits par nos soins.<br><br>\n\nTous les textes re\u00e7us seront mis \u00e0 la disposition des participants avant la r\u00e9union.<br><br>\n\nConcernant l\u2019organisation de la rencontre, nous pr\u00e9voyons\u00a0:<br><br>\n\n<ul><li>la pr\u00e9sence, au maximum, de deux d\u00e9l\u00e9gu\u00e9s par organisation\u00a0;<\/li>\n<li>une premi\u00e8re s\u00e9rie d\u2019interventions, d\u2019une dur\u00e9e de 15 minutes par organisation\u00a0;<\/li>\n<li>une deuxi\u00e8me s\u00e9rie pour les r\u00e9ponses, d\u2019une dur\u00e9e de 15 minutes par organisation.<\/li>\n<\/ul>\n\nNous vous demandons donc de confirmer votre participation et de nous communiquer vos \u00e9ventuelles questions, remarques et n\u00e9cessit\u00e9s organisationnelles, que nous chercherons de satisfaire au mieux.<br><br>\n\nD\u2019autres d\u00e9tails vous seront communiqu\u00e9s prochainement.<br><br>\n\n<em>Milan, le 16 avril 2023.<\/em><br><br>\n\nLe comit\u00e9 promoteur pour une  initiative internationaliste\n<\/div>\n","protected":false},"excerpt":{"rendered":"<p>Chers camarades, L\u2019\u00ab\u00a0Appel \u00e0 une rencontre entre les forces internationalistes\u00a0\u00bb, lanc\u00e9 le 22 janvier, a suscit\u00e9, ces derniers mois, de l\u2019int\u00e9r\u00eat parmi les organisations qui se relient aux traditions internationalistes&#8230; <a href=\"https:\/\/www.revolucionpermanente.com\/francais\/invitation-a-une-rencontre-des-forces-internationalistes\/\">Read more &raquo;<\/a><\/p>\n","protected":false},"author":1,"featured_media":0,"parent":0,"menu_order":0,"comment_status":"closed","ping_status":"closed","template":"","meta":{"footnotes":""},"class_list":["post-892","page","type-page","status-publish","hentry"],"_links":{"self":[{"href":"https:\/\/www.revolucionpermanente.com\/francais\/wp-json\/wp\/v2\/pages\/892","targetHints":{"allow":["GET"]}}],"collection":[{"href":"https:\/\/www.revolucionpermanente.com\/francais\/wp-json\/wp\/v2\/pages"}],"about":[{"href":"https:\/\/www.revolucionpermanente.com\/francais\/wp-json\/wp\/v2\/types\/page"}],"author":[{"embeddable":true,"href":"https:\/\/www.revolucionpermanente.com\/francais\/wp-json\/wp\/v2\/users\/1"}],"replies":[{"embeddable":true,"href":"https:\/\/www.revolucionpermanente.com\/francais\/wp-json\/wp\/v2\/comments?post=892"}],"version-history":[{"count":2,"href":"https:\/\/www.revolucionpermanente.com\/francais\/wp-json\/wp\/v2\/pages\/892\/revisions"}],"predecessor-version":[{"id":894,"href":"https:\/\/www.revolucionpermanente.com\/francais\/wp-json\/wp\/v2\/pages\/892\/revisions\/894"}],"wp:attachment":[{"href":"https:\/\/www.revolucionpermanente.com\/francais\/wp-json\/wp\/v2\/media?parent=892"}],"curies":[{"name":"wp","href":"https:\/\/api.w.org\/{rel}","templated":true}]}}